{"id":4645,"date":"2021-06-03T07:39:42","date_gmt":"2021-06-03T07:39:42","guid":{"rendered":"https:\/\/helette.fr\/les-commissions\/"},"modified":"2022-06-15T07:08:15","modified_gmt":"2022-06-15T07:08:15","slug":"les-commissions","status":"publish","type":"page","link":"https:\/\/helette.fr\/eu\/les-commissions\/","title":{"rendered":"Batzordeak"},"content":{"rendered":"<p>[vc_row row_content_width=&#8221;grid&#8221; css=&#8221;.vc_custom_1623227650533{margin-bottom: 60px !important;}&#8221;][vc_column width=&#8221;1\/3&#8243;][vc_widget_sidebar sidebar_id=&#8221;shop-sidebar&#8221;][\/vc_column][vc_column width=&#8221;2\/3&#8243;]<div class=\"qodef-accordion-holder qodef-ac-default  qodef-accordion qodef-ac-boxed  clearfix\">\n\t<div class=\"qodef-border-holder\">\n\t<h6 class=\"qodef-accordion-title\">\n\t\t<span class=\"qodef-accordion-mark\">\n\t\t\t<span class=\"qodef_icon_plus icon-arrow-up-circle\"><\/span>\n\t\t\t<span class=\"qodef_icon_minus icon-arrow-down-circle\"><\/span>\n\t\t<\/span>\n\t\t<span class=\"qodef-tab-title\">Finantzak - Aurrekontua<\/span>\n\t<\/h6>\n\t<div class=\"qodef-accordion-content\">\n\t\t<div class=\"qodef-accordion-content-inner\">\n\t\t\t[vc_column_text]<\/p>\n<p class=\"p1\">Diru eta zerga gaiak aztertzen ditu, eta maileguak eta dirulaguntzak zertan diren kontrolatzen. Herriko garapen ekonomiko proiektuak aztertzen ditu, aurrekontu proiektuak aztertzen, hastapeneko aurrekontua prestatzen, herriko kontseiluari hastapeneko aurrekontua onarrarazten. Gastuen egokitasuna aztertzen du, eta herriko kontseiluari konparatzeko osagaiak ematen dizkio.<\/p>\n<p>&nbsp;<\/p>\n<p class=\"p1\">Lehendakaria: ETCHEPARE Philippe<br \/>\nKideak: herriko kontseiluko kide guziak<\/p>\n<p>[\/vc_column_text]\t\t<\/div>\n\t<\/div>\n<\/div>\n<div class=\"qodef-border-holder\">\n\t<h6 class=\"qodef-accordion-title\">\n\t\t<span class=\"qodef-accordion-mark\">\n\t\t\t<span class=\"qodef_icon_plus icon-arrow-up-circle\"><\/span>\n\t\t\t<span class=\"qodef_icon_minus icon-arrow-down-circle\"><\/span>\n\t\t<\/span>\n\t\t<span class=\"qodef-tab-title\">Gizarte eta elkartasun gaiak eta eskolako eta eskola inguruko gaiak<\/span>\n\t<\/h6>\n\t<div class=\"qodef-accordion-content\">\n\t\t<div class=\"qodef-accordion-content-inner\">\n\t\t\t[vc_column_text]<\/p>\n<p class=\"p1\">Lehen haurtzaroaren, 3. adinaren eta bizitegi sozialen kudeaketa, \u201cEzbeharren\u201d kudeaketa, eskolen, kantinaren, haurtzaindegiaren eta eskola-garraioen kudeaketa.<\/p>\n<p>Eskolekilako harremanen azpi-batzordea<br \/>\nEskola inguruko gaien azpi-batzordea<br \/>\nEzbeharren azpi-batzordea<br \/>\nBelaunaldien arteko harremanen azpi-batzordea<\/p>\n<p>&nbsp;<\/p>\n<p>Lehendakaria: NADAUD Anne-Marie<br \/>\nKideak: AMORENA Genevi\u00e8ve, AROT\u00c7ARENA Emilie, DAMESTOY G\u00e9rard, GUILSOU Sylvain, JORAJURIA Pantxoa, PAGUEGUY Pantxika[\/vc_column_text]\t\t<\/div>\n\t<\/div>\n<\/div>\n<div class=\"qodef-border-holder\">\n\t<h6 class=\"qodef-accordion-title\">\n\t\t<span class=\"qodef-accordion-mark\">\n\t\t\t<span class=\"qodef_icon_plus icon-arrow-up-circle\"><\/span>\n\t\t\t<span class=\"qodef_icon_minus icon-arrow-down-circle\"><\/span>\n\t\t<\/span>\n\t\t<span class=\"qodef-tab-title\">Azpiegiturak \u2013 segurtasuna \u2013 herriko langileak<\/span>\n\t<\/h6>\n\t<div class=\"qodef-accordion-content\">\n\t\t<div class=\"qodef-accordion-content-inner\">\n\t\t\t[vc_column_text]Herriko eraikinen kudeaketa eta mantentze lanak, eraikinetako higienea eta segurtasuna, bideen kudeaketa, herriko langileen kudeaketa, defentsa eta babes zibila.<\/p>\n<p>Lehendakaria: CURUTCHET Xavier<br \/>\nKideak: DAMESTOY G\u00e9rard, DELGUE Jean-Pierre, GUILSOU Sylvain, IRIGOIN Fr\u00e9d\u00e9ric, LARRE Be\u00f1at, NADAUD Anne-Marie[\/vc_column_text]\t\t<\/div>\n\t<\/div>\n<\/div>\n<div class=\"qodef-border-holder\">\n\t<h6 class=\"qodef-accordion-title\">\n\t\t<span class=\"qodef-accordion-mark\">\n\t\t\t<span class=\"qodef_icon_plus icon-arrow-up-circle\"><\/span>\n\t\t\t<span class=\"qodef_icon_minus icon-arrow-down-circle\"><\/span>\n\t\t<\/span>\n\t\t<span class=\"qodef-tab-title\">Bizi ingurumena \u2013 hirigintza \u2013 garapen iraunkorra<\/span>\n\t<\/h6>\n\t<div class=\"qodef-accordion-content\">\n\t\t<div class=\"qodef-accordion-content-inner\">\n\t\t\t[vc_column_text]Hirigintzaren, bizitegien, ofizialeen eta lurren kudeaketa.\u2028Elektrifikazioaren eta telekomunikazioen kudeaketa.\u2028Ingurumenaren eta turismoaren kudeaketa.<\/p>\n<p>Lehendakaria: ETCHEPARE Philippe\u2028Kideak: AMORENA Genevi\u00e8ve, NADAUD Anne-Marie, SABATOU Herv\u00e9<br \/>\n[\/vc_column_text]\t\t<\/div>\n\t<\/div>\n<\/div>\n<div class=\"qodef-border-holder\">\n\t<h6 class=\"qodef-accordion-title\">\n\t\t<span class=\"qodef-accordion-mark\">\n\t\t\t<span class=\"qodef_icon_plus icon-arrow-up-circle\"><\/span>\n\t\t\t<span class=\"qodef_icon_minus icon-arrow-down-circle\"><\/span>\n\t\t<\/span>\n\t\t<span class=\"qodef-tab-title\">Komunikazioa \u2013 kultura \u2013 elkarte bizia<\/span>\n\t<\/h6>\n\t<div class=\"qodef-accordion-content\">\n\t\t<div class=\"qodef-accordion-content-inner\">\n\t\t\t[vc_column_text]Herriko gelen alokatzeen kudeaketa<br \/>\nElkarteendako lokalen erabilpenaren kudeaketa<br \/>\nMultimedia formakuntza, komunikazioa (herri aldizkaria, webgunea\u2026)<br \/>\nLiburutegia,<br \/>\nFerien dinamizatzea eta animatzea (Kabalak)<br \/>\n(Herrien Biltzarra)<\/p>\n<p>Lehendakaria: PAGUEGUY Pantxika<br \/>\nKideak: ALKHAT Antton, AROT\u00c7ARENA Emilie, DAMESTOY G\u00e9rard, DELGUE Jean-Pierre, GUILSOU Sylvain, IRIGOIN Fr\u00e9d\u00e9ric, JORAJURIA Pantxoa, NADAUD Anne-Marie, SABATOU Herv\u00e9<br \/>\nWebgunea: AROT\u00c7ARENA Emilie[\/vc_column_text]\t\t<\/div>\n\t<\/div>\n<\/div>\n<div class=\"qodef-border-holder\">\n\t<h6 class=\"qodef-accordion-title\">\n\t\t<span class=\"qodef-accordion-mark\">\n\t\t\t<span class=\"qodef_icon_plus icon-arrow-up-circle\"><\/span>\n\t\t\t<span class=\"qodef_icon_minus icon-arrow-down-circle\"><\/span>\n\t\t<\/span>\n\t\t<span class=\"qodef-tab-title\">Laborantza \u2013 ingurumena<\/span>\n\t<\/h6>\n\t<div class=\"qodef-accordion-content\">\n\t\t<div class=\"qodef-accordion-content-inner\">\n\t\t\t[vc_column_text]Laborantza diagnostikoa,<br \/>\nErreketen kudeaketa, AFP, Baigura SIVUa<br \/>\nErrobiko sindikatua, Ordezkapen zerbitzua,<br \/>\nGaztainadiaren kudeaketa<\/p>\n<p>Lehendakaria: ALKHAT Antton<br \/>\nKideak: AMORENA Genevi\u00e8ve, CURUTCHET Xavier, JORAJURIA Pantxoa, NADAUD Anne-Marie, NEGUELOUART Alain, PAGU\u00c9GUY Pantxika<br \/>\n[\/vc_column_text]\t\t<\/div>\n\t<\/div>\n<\/div>\n<div class=\"qodef-border-holder\">\n\t<h6 class=\"qodef-accordion-title\">\n\t\t<span class=\"qodef-accordion-mark\">\n\t\t\t<span class=\"qodef_icon_plus icon-arrow-up-circle\"><\/span>\n\t\t\t<span class=\"qodef_icon_minus icon-arrow-down-circle\"><\/span>\n\t\t<\/span>\n\t\t<span class=\"qodef-tab-title\">Eskaintza deialdiak<\/span>\n\t<\/h6>\n\t<div class=\"qodef-accordion-content\">\n\t\t<div class=\"qodef-accordion-content-inner\">\n\t\t\t[vc_column_text]Inbertsio handienendako eskaintza deialdien antolatzea.<\/p>\n<p>Lehendakaria: ETCHEPARE Philippe<br \/>\nTitularrak: CURUTCHET Xavier, DELGUE Jean-Pierre, DAMESTOY G\u00e9rard,<br \/>\nOrdezkoak: SABATOU Herv\u00e9, JORAJURIA Pantxoa, NADAUD Anne-Marie[\/vc_column_text]\t\t<\/div>\n\t<\/div>\n<\/div>\n<div class=\"qodef-border-holder\">\n\t<h6 class=\"qodef-accordion-title\">\n\t\t<span class=\"qodef-accordion-mark\">\n\t\t\t<span class=\"qodef_icon_plus icon-arrow-up-circle\"><\/span>\n\t\t\t<span class=\"qodef_icon_minus icon-arrow-down-circle\"><\/span>\n\t\t<\/span>\n\t\t<span class=\"qodef-tab-title\">Zergak<\/span>\n\t<\/h6>\n\t<div class=\"qodef-accordion-content\">\n\t\t<div class=\"qodef-accordion-content-inner\">\n\t\t\t[vc_column_text]Urte guziz, zerga-administrazioak zerrendatu bizitegi lokalen ebaluaketa aldaketei eta ebaluaketa berriei buruz iritzia ematen du; bestalde, 2017ko urtarrilaren 1.ean profesionalen lokalen alokatze-balioa berrikusi zenez geroztik, Departamenduaren ebaluaketa parametro berrien finkatzeko lanean parte hartzen du (sektoreak, tarifak eta kokapen koefizienteak).<\/p>\n<p>Lehendakaria: ETCHEPARE Philippe<br \/>\nTitularrak: OTHARAN Lo\u00efc, NADAUD Anne-Marie, DAMESTOY G\u00e9rard, NOBLIA F\u00e9lix, GUILSOU Sylvain, DARRAIDOU Eliane<br \/>\nOrdezkoak: CURUTCHET Xavier, MONGABURE Martin, PAGUEGUY Pantxika, GOYTY Jean-Pierre, DELGUE Jean-Pierre, AROT\u00c7ARENA Emilie<br \/>\n[\/vc_column_text]\t\t<\/div>\n\t<\/div>\n<\/div>\n<\/div>[\/vc_column][\/vc_row]<\/p>\n","protected":false},"excerpt":{"rendered":"<p>[vc_row row_content_width=&#8221;grid&#8221; css=&#8221;.vc_custom_1623227650533{margin-bottom: 60px !important;}&#8221;][vc_column width=&#8221;1\/3&#8243;][vc_widget_sidebar sidebar_id=&#8221;shop-sidebar&#8221;][\/vc_column][vc_column width=&#8221;2\/3&#8243;][\/vc_column][\/vc_row]<\/p>\n","protected":false},"author":1,"featured_media":0,"parent":0,"menu_order":0,"comment_status":"closed","ping_status":"closed","template":"full-width.php","meta":[],"yoast_head":"<!-- This site is optimized with the Yoast SEO plugin v17.6 - https:\/\/yoast.com\/wordpress\/plugins\/seo\/ -->\n<title>Batzordeak - Mairie Helette<\/title>\n<meta name=\"robots\" content=\"index, follow, max-snippet:-1, max-image-preview:large, max-video-preview:-1\" \/>\n<link rel=\"canonical\" href=\"https:\/\/helette.fr\/eu\/les-commissions\/\" \/>\n<meta property=\"og:locale\" content=\"eu_ES\" \/>\n<meta property=\"og:type\" content=\"article\" \/>\n<meta property=\"og:title\" content=\"Batzordeak - Mairie Helette\" \/>\n<meta property=\"og:description\" content=\"[vc_row row_content_width=&#8221;grid&#8221; css=&#8221;.vc_custom_1623227650533{margin-bottom: 60px !important;}&#8221;][vc_column width=&#8221;1\/3&#8243;][vc_widget_sidebar sidebar_id=&#8221;shop-sidebar&#8221;][\/vc_column][vc_column width=&#8221;2\/3&#8243;][\/vc_column][\/vc_row]\" \/>\n<meta property=\"og:url\" content=\"https:\/\/helette.fr\/eu\/les-commissions\/\" \/>\n<meta property=\"og:site_name\" content=\"Mairie Helette\" \/>\n<meta property=\"article:modified_time\" content=\"2022-06-15T07:08:15+00:00\" \/>\n<meta name=\"twitter:card\" content=\"summary_large_image\" \/>\n<meta name=\"twitter:label1\" content=\"Est. reading time\" \/>\n\t<meta name=\"twitter:data1\" content=\"2 minutes\" \/>\n<script type=\"application\/ld+json\" class=\"yoast-schema-graph\">{\"@context\":\"https:\/\/schema.org\",\"@graph\":[{\"@type\":\"WebSite\",\"@id\":\"https:\/\/helette.fr\/#website\",\"url\":\"https:\/\/helette.fr\/\",\"name\":\"Mairie Helette\",\"description\":\"\",\"potentialAction\":[{\"@type\":\"SearchAction\",\"target\":{\"@type\":\"EntryPoint\",\"urlTemplate\":\"https:\/\/helette.fr\/?s={search_term_string}\"},\"query-input\":\"required name=search_term_string\"}],\"inLanguage\":\"eu-ES\"},{\"@type\":\"WebPage\",\"@id\":\"https:\/\/helette.fr\/eu\/les-commissions\/#webpage\",\"url\":\"https:\/\/helette.fr\/eu\/les-commissions\/\",\"name\":\"Batzordeak - Mairie Helette\",\"isPartOf\":{\"@id\":\"https:\/\/helette.fr\/#website\"},\"datePublished\":\"2021-06-03T07:39:42+00:00\",\"dateModified\":\"2022-06-15T07:08:15+00:00\",\"breadcrumb\":{\"@id\":\"https:\/\/helette.fr\/eu\/les-commissions\/#breadcrumb\"},\"inLanguage\":\"eu-ES\",\"potentialAction\":[{\"@type\":\"ReadAction\",\"target\":[\"https:\/\/helette.fr\/eu\/les-commissions\/\"]}]},{\"@type\":\"BreadcrumbList\",\"@id\":\"https:\/\/helette.fr\/eu\/les-commissions\/#breadcrumb\",\"itemListElement\":[{\"@type\":\"ListItem\",\"position\":1,\"name\":\"Accueil\",\"item\":\"https:\/\/helette.fr\/eu\/\"},{\"@type\":\"ListItem\",\"position\":2,\"name\":\"Batzordeak\"}]}]}<\/script>\n<!-- \/ Yoast SEO plugin. -->","yoast_head_json":{"title":"Batzordeak - Mairie Helette","robots":{"index":"index","follow":"follow","max-snippet":"max-snippet:-1","max-image-preview":"max-image-preview:large","max-video-preview":"max-video-preview:-1"},"canonical":"https:\/\/helette.fr\/eu\/les-commissions\/","og_locale":"eu_ES","og_type":"article","og_title":"Batzordeak - Mairie Helette","og_description":"[vc_row row_content_width=&#8221;grid&#8221; css=&#8221;.vc_custom_1623227650533{margin-bottom: 60px !important;}&#8221;][vc_column width=&#8221;1\/3&#8243;][vc_widget_sidebar sidebar_id=&#8221;shop-sidebar&#8221;][\/vc_column][vc_column width=&#8221;2\/3&#8243;][\/vc_column][\/vc_row]","og_url":"https:\/\/helette.fr\/eu\/les-commissions\/","og_site_name":"Mairie Helette","article_modified_time":"2022-06-15T07:08:15+00:00","twitter_card":"summary_large_image","twitter_misc":{"Est. reading time":"2 minutes"},"schema":{"@context":"https:\/\/schema.org","@graph":[{"@type":"WebSite","@id":"https:\/\/helette.fr\/#website","url":"https:\/\/helette.fr\/","name":"Mairie Helette","description":"","potentialAction":[{"@type":"SearchAction","target":{"@type":"EntryPoint","urlTemplate":"https:\/\/helette.fr\/?s={search_term_string}"},"query-input":"required name=search_term_string"}],"inLanguage":"eu-ES"},{"@type":"WebPage","@id":"https:\/\/helette.fr\/eu\/les-commissions\/#webpage","url":"https:\/\/helette.fr\/eu\/les-commissions\/","name":"Batzordeak - Mairie Helette","isPartOf":{"@id":"https:\/\/helette.fr\/#website"},"datePublished":"2021-06-03T07:39:42+00:00","dateModified":"2022-06-15T07:08:15+00:00","breadcrumb":{"@id":"https:\/\/helette.fr\/eu\/les-commissions\/#breadcrumb"},"inLanguage":"eu-ES","potentialAction":[{"@type":"ReadAction","target":["https:\/\/helette.fr\/eu\/les-commissions\/"]}]},{"@type":"BreadcrumbList","@id":"https:\/\/helette.fr\/eu\/les-commissions\/#breadcrumb","itemListElement":[{"@type":"ListItem","position":1,"name":"Accueil","item":"https:\/\/helette.fr\/eu\/"},{"@type":"ListItem","position":2,"name":"Batzordeak"}]}]}},"_links":{"self":[{"href":"https:\/\/helette.fr\/eu\/wp-json\/wp\/v2\/pages\/4645"}],"collection":[{"href":"https:\/\/helette.fr\/eu\/wp-json\/wp\/v2\/pages"}],"about":[{"href":"https:\/\/helette.fr\/eu\/wp-json\/wp\/v2\/types\/page"}],"author":[{"embeddable":true,"href":"https:\/\/helette.fr\/eu\/wp-json\/wp\/v2\/users\/1"}],"replies":[{"embeddable":true,"href":"https:\/\/helette.fr\/eu\/wp-json\/wp\/v2\/comments?post=4645"}],"version-history":[{"count":3,"href":"https:\/\/helette.fr\/eu\/wp-json\/wp\/v2\/pages\/4645\/revisions"}],"predecessor-version":[{"id":4648,"href":"https:\/\/helette.fr\/eu\/wp-json\/wp\/v2\/pages\/4645\/revisions\/4648"}],"wp:attachment":[{"href":"https:\/\/helette.fr\/eu\/wp-json\/wp\/v2\/media?parent=4645"}],"curies":[{"name":"wp","href":"https:\/\/api.w.org\/{rel}","templated":true}]}}